{"id":542,"date":"2016-09-26T10:06:26","date_gmt":"2016-09-26T08:06:26","guid":{"rendered":"https:\/\/content.wlk.eu\/fi\/?page_id=542"},"modified":"2017-09-22T10:57:17","modified_gmt":"2017-09-22T08:57:17","slug":"humanan_hoivakoti","status":"publish","type":"page","link":"https:\/\/content.wlk.eu\/fi\/humanan_hoivakoti\/","title":{"rendered":"Humanan hoivakoti"},"content":{"rendered":"<h2>Dynaaminen valaistus Humanan hoivakotiin<\/h2>\n<p>Moderni Humanan hoivakoti G\u00e4vless\u00e4 hy\u00f6dynt\u00e4\u00e4 uusinta teknologiaa, johon kuuluu t\u00e4rke\u00e4n\u00e4 osana my\u00f6s valaistus. Sek\u00e4 sisustuksella ett\u00e4 valaistuksella oli t\u00e4rke\u00e4\u00e4 luoda hyvinvointia edist\u00e4v\u00e4 ymp\u00e4rist\u00f6. Suuri osa t\u00e4m\u00e4n p\u00e4iv\u00e4n tutkimuksesta painottaa valaistuksen mukauttamista ymp\u00e4rist\u00f6ss\u00e4 oleskelevalle k\u00e4ytt\u00e4j\u00e4lle tai ihmiselle sopivaksi (Human Centric Lighting). Onnistuneesti mukautettu asuinymp\u00e4rist\u00f6 voi vaikuttaa ihmisen elinik\u00e4\u00e4n.<\/p>\n<h3><strong>Joustava ja dynaaminen valaistusratkaisu<\/strong><\/h3>\n<p>G\u00e4vless\u00e4 sijaitseva hoivakoti on Ruotsissa ainutlaatuinen, sill\u00e4 siell\u00e4 k\u00e4ytet\u00e4\u00e4n ensimm\u00e4isen kerran valaistusta t\u00e4ss\u00e4 laajuudessa luomaan dynaaminen ymp\u00e4rist\u00f6, jossa t\u00e4rkeint\u00e4 ovat asukkaiden tarpeet ja terveys. Dynaamisella valaistuksella voidaan parantaa asukkaiden terveytt\u00e4, vuorokausirytmi\u00e4 ja viihtyvyytt\u00e4. Laadukkaalla ja mukautetulla valaistuksella voidaan luoda hyv\u00e4 tunnelma, jossa ollaan terveempi\u00e4 ja voidaan paremmin. Oikeanlainen valaistus voi helpottaa esimerkiksi dementiasta ja n\u00e4k\u00f6ongelmista k\u00e4rsivien ihmisten el\u00e4m\u00e4\u00e4. Valo auttaa vakauttamaan sis\u00e4isen rytmimme, ja sen my\u00f6t\u00e4 voimme paremmin ja saamme aikaan enemm\u00e4n.<br \/>\nHumanalle oli t\u00e4rke\u00e4\u00e4 my\u00f6s muodostaa valaistuksen avulla ymp\u00e4rist\u00f6, joka parantaa yhteis\u00f6llisyytt\u00e4 ja yhteenkuuluvuuden tunnetta ja poistaa monien asukkaiden tuntemaa eristyneisyytt\u00e4.<\/p>\n<p>Lattean valkoisen valon v\u00e4ltt\u00e4miseksi valaistuksessa on k\u00e4ytetty connecDIM-ohjausj\u00e4rjestelm\u00e4\u00e4, jonka my\u00f6t\u00e4 valo noudattaa ja vahvistaa p\u00e4iv\u00e4nvalon v\u00e4ri\u00e4 ja muutoksia. Tridonicin ja Welightin LED-moduulien s\u00e4\u00e4dett\u00e4v\u00e4n v\u00e4ril\u00e4mp\u00f6tilan (Tunable White) ansiosta valaistuksen valoa ja v\u00e4ril\u00e4mp\u00f6tilaa voidaan s\u00e4\u00e4t\u00e4\u00e4 vuorokauden aikana p\u00e4iv\u00e4nvalon muutosten ja vuorokausirytmin mukaan. Valaistusta voidaan my\u00f6s keskitt\u00e4\u00e4 paikkoihin, joissa suoritetaan aktiviteetteja.<br \/>\nT\u00e4rkeimpi\u00e4 toivomuksia valaistukselle oli turvallisuus, johdattava valaistus, dynaaminen sis\u00e4tilavalaistus ja automaattinen toiminta. Valo syttyy esimerkiksi silloin, jos asukas nousee tai putoaa y\u00f6ll\u00e4 s\u00e4ngyst\u00e4. Lis\u00e4ksi asukkaat voidaan valon avulla johdattaa ruokasaliin aterialle ja aterian j\u00e4lkeen takaisin asuntoihin. P\u00e4iv\u00e4n valaistusohjelmasta ei huomaa valon muuttumista, sill\u00e4 se tapahtuu jaksoittaisesti.<br \/>\nAsuntojen s\u00e4nkyjen p\u00e4\u00e4dyiss\u00e4 on valaisin, jota voidaan s\u00e4\u00e4t\u00e4\u00e4 p\u00e4iv\u00e4n mittaan, mutta se voidaan my\u00f6s sammuttaa. Lis\u00e4ksi s\u00e4ngynp\u00e4\u00e4tyjen alla on anturit, jotka aktivoituvat klo 21.00\u20137.00. Jos asukas nousee y\u00f6ll\u00e4 s\u00e4ngyst\u00e4, huoneessa syttyy valaistus, joka johdattaa asukkaan kylpyhuoneeseen. Kaikkien asuntojen anturit on kytketty henkil\u00f6st\u00f6n matkapuhelimiin, jotta henkil\u00f6kunta voi auttaa tarvittaessa.<br \/>\nAsukkaat voivat helposti muuttaa valaistusta h\u00e4iritsem\u00e4tt\u00e4 koko kiinteist\u00f6\u00f6n s\u00e4\u00e4detty\u00e4 valaistusohjelmaa, sill\u00e4 asunnoissa on Bticinon ohjauspaneeleja ja painikkeita, joihin on ennalta ohjelmoitu eri valaistuksia. K\u00e4ytett\u00e4viss\u00e4 on kolme painiketta, joissa on selke\u00e4t symbolit. Valittavana on valaistus p\u00e4iv\u00e4\u00e4, aamua\/iltaa ja y\u00f6t\u00e4 varten.\u00a0Humana on tehnyt asumisesta pitk\u00e4aikaisen sopimuksen. Sen vuoksi hoivakoti halusi pitk\u00e4ik\u00e4isen ja laadukkaan valaistuksen, joka v\u00e4hent\u00e4\u00e4 energiankulutusta. LEDeill\u00e4 ja connecDIM-ohjausj\u00e4rjestelm\u00e4ll\u00e4 voidaan erityistoiveet k\u00e4sitell\u00e4 helposti ja tarkastella monenlaisia tietoja. Energiankulutusta voidaan seurata huone- ja valaisinkohtaisesti.<br \/>\nconnecDIM mahdollistaa langattoman k\u00e4sittelyn pilvipalvelun kautta, joten kiinteist\u00f6n valaistusta voidaan valvoa et\u00e4muotoisesti. J\u00e4rjestelm\u00e4ss\u00e4 voidaan mm. luoda valaistusn\u00e4kymi\u00e4 sek\u00e4 asettaa sytytys-\/sammutusajat ja anturien toiminta. Pilvity\u00f6kalulla voidaan hoitaa koko valaistuksen ohjelmointi.<\/p>\n","protected":false},"excerpt":{"rendered":"<p>Dynaaminen valaistus Humanan hoivakotiin Moderni Humanan hoivakoti G\u00e4vless\u00e4 hy\u00f6dynt\u00e4\u00e4 uusinta teknologiaa, johon kuuluu t\u00e4rke\u00e4n\u00e4 osana my\u00f6s valaistus. Sek\u00e4 sisustuksella ett\u00e4 valaistuksella oli t\u00e4rke\u00e4\u00e4 luoda hyvinvointia edist\u00e4v\u00e4 ymp\u00e4rist\u00f6. Suuri osa t\u00e4m\u00e4n p\u00e4iv\u00e4n tutkimuksesta painottaa valaistuksen mukauttamista ymp\u00e4rist\u00f6ss\u00e4 oleskelevalle k\u00e4ytt\u00e4j\u00e4lle tai ihmiselle sopivaksi (Human Centric Lighting). Onnistuneesti mukautettu asuinymp\u00e4rist\u00f6 voi vaikuttaa ihmisen elinik\u00e4\u00e4n. Joustava ja dynaaminen valaistusratkaisu [&hellip;]<\/p>\n","protected":false},"author":2,"featured_media":0,"parent":0,"menu_order":0,"comment_status":"closed","ping_status":"closed","template":"template-referensprojekt.php","meta":{"_acf_changed":false,"footnotes":""},"class_list":["post-542","page","type-page","status-publish","hentry"],"acf":[],"yoast_head":"<!-- This site is optimized with the Yoast SEO plugin v25.3.1 - https:\/\/yoast.com\/wordpress\/plugins\/seo\/ -->\n<title>Humanan hoivakoti - Wennerstr\u00f6m Ljuskontroll<\/title>\n<meta name=\"robots\" content=\"index, follow, max-snippet:-1, max-image-preview:large, max-video-preview:-1\" \/>\n<link rel=\"canonical\" href=\"https:\/\/content.wlk.eu\/fi\/humanan_hoivakoti\/\" \/>\n<meta property=\"og:locale\" content=\"fi_FI\" \/>\n<meta property=\"og:type\" content=\"article\" \/>\n<meta property=\"og:title\" content=\"Humanan hoivakoti - Wennerstr\u00f6m Ljuskontroll\" \/>\n<meta property=\"og:description\" content=\"Dynaaminen valaistus Humanan hoivakotiin Moderni Humanan hoivakoti G\u00e4vless\u00e4 hy\u00f6dynt\u00e4\u00e4 uusinta teknologiaa, johon kuuluu t\u00e4rke\u00e4n\u00e4 osana my\u00f6s valaistus. Sek\u00e4 sisustuksella ett\u00e4 valaistuksella oli t\u00e4rke\u00e4\u00e4 luoda hyvinvointia edist\u00e4v\u00e4 ymp\u00e4rist\u00f6. Suuri osa t\u00e4m\u00e4n p\u00e4iv\u00e4n tutkimuksesta painottaa valaistuksen mukauttamista ymp\u00e4rist\u00f6ss\u00e4 oleskelevalle k\u00e4ytt\u00e4j\u00e4lle tai ihmiselle sopivaksi (Human Centric Lighting). Onnistuneesti mukautettu asuinymp\u00e4rist\u00f6 voi vaikuttaa ihmisen elinik\u00e4\u00e4n. Joustava ja dynaaminen valaistusratkaisu [&hellip;]\" \/>\n<meta property=\"og:url\" content=\"https:\/\/content.wlk.eu\/fi\/humanan_hoivakoti\/\" \/>\n<meta property=\"og:site_name\" content=\"Wennerstr\u00f6m Ljuskontroll\" \/>\n<meta property=\"article:modified_time\" content=\"2017-09-22T08:57:17+00:00\" \/>\n<meta name=\"twitter:card\" content=\"summary_large_image\" \/>\n<meta name=\"twitter:label1\" content=\"Arvioitu lukuaika\" \/>\n\t<meta name=\"twitter:data1\" content=\"2 minuuttia\" \/>\n<script type=\"application\/ld+json\" class=\"yoast-schema-graph\">{\"@context\":\"https:\/\/schema.org\",\"@graph\":[{\"@type\":\"WebPage\",\"@id\":\"https:\/\/content.wlk.eu\/fi\/humanan_hoivakoti\/\",\"url\":\"https:\/\/content.wlk.eu\/fi\/humanan_hoivakoti\/\",\"name\":\"Humanan hoivakoti - Wennerstr\u00f6m Ljuskontroll\",\"isPartOf\":{\"@id\":\"https:\/\/content.wlk.eu\/fi\/#website\"},\"datePublished\":\"2016-09-26T08:06:26+00:00\",\"dateModified\":\"2017-09-22T08:57:17+00:00\",\"breadcrumb\":{\"@id\":\"https:\/\/content.wlk.eu\/fi\/humanan_hoivakoti\/#breadcrumb\"},\"inLanguage\":\"fi\",\"potentialAction\":[{\"@type\":\"ReadAction\",\"target\":[\"https:\/\/content.wlk.eu\/fi\/humanan_hoivakoti\/\"]}]},{\"@type\":\"BreadcrumbList\",\"@id\":\"https:\/\/content.wlk.eu\/fi\/humanan_hoivakoti\/#breadcrumb\",\"itemListElement\":[{\"@type\":\"ListItem\",\"position\":1,\"name\":\"Hem\",\"item\":\"https:\/\/content.wlk.eu\/fi\/\"},{\"@type\":\"ListItem\",\"position\":2,\"name\":\"Humanan hoivakoti\"}]},{\"@type\":\"WebSite\",\"@id\":\"https:\/\/content.wlk.eu\/fi\/#website\",\"url\":\"https:\/\/content.wlk.eu\/fi\/\",\"name\":\"Wennerstr\u00f6m Ljuskontroll\",\"description\":\"\",\"potentialAction\":[{\"@type\":\"SearchAction\",\"target\":{\"@type\":\"EntryPoint\",\"urlTemplate\":\"https:\/\/content.wlk.eu\/fi\/?s={search_term_string}\"},\"query-input\":{\"@type\":\"PropertyValueSpecification\",\"valueRequired\":true,\"valueName\":\"search_term_string\"}}],\"inLanguage\":\"fi\"}]}<\/script>\n<!-- \/ Yoast SEO plugin. -->","yoast_head_json":{"title":"Humanan hoivakoti - Wennerstr\u00f6m Ljuskontroll","robots":{"index":"index","follow":"follow","max-snippet":"max-snippet:-1","max-image-preview":"max-image-preview:large","max-video-preview":"max-video-preview:-1"},"canonical":"https:\/\/content.wlk.eu\/fi\/humanan_hoivakoti\/","og_locale":"fi_FI","og_type":"article","og_title":"Humanan hoivakoti - Wennerstr\u00f6m Ljuskontroll","og_description":"Dynaaminen valaistus Humanan hoivakotiin Moderni Humanan hoivakoti G\u00e4vless\u00e4 hy\u00f6dynt\u00e4\u00e4 uusinta teknologiaa, johon kuuluu t\u00e4rke\u00e4n\u00e4 osana my\u00f6s valaistus. Sek\u00e4 sisustuksella ett\u00e4 valaistuksella oli t\u00e4rke\u00e4\u00e4 luoda hyvinvointia edist\u00e4v\u00e4 ymp\u00e4rist\u00f6. Suuri osa t\u00e4m\u00e4n p\u00e4iv\u00e4n tutkimuksesta painottaa valaistuksen mukauttamista ymp\u00e4rist\u00f6ss\u00e4 oleskelevalle k\u00e4ytt\u00e4j\u00e4lle tai ihmiselle sopivaksi (Human Centric Lighting). Onnistuneesti mukautettu asuinymp\u00e4rist\u00f6 voi vaikuttaa ihmisen elinik\u00e4\u00e4n. Joustava ja dynaaminen valaistusratkaisu [&hellip;]","og_url":"https:\/\/content.wlk.eu\/fi\/humanan_hoivakoti\/","og_site_name":"Wennerstr\u00f6m Ljuskontroll","article_modified_time":"2017-09-22T08:57:17+00:00","twitter_card":"summary_large_image","twitter_misc":{"Arvioitu lukuaika":"2 minuuttia"},"schema":{"@context":"https:\/\/schema.org","@graph":[{"@type":"WebPage","@id":"https:\/\/content.wlk.eu\/fi\/humanan_hoivakoti\/","url":"https:\/\/content.wlk.eu\/fi\/humanan_hoivakoti\/","name":"Humanan hoivakoti - Wennerstr\u00f6m Ljuskontroll","isPartOf":{"@id":"https:\/\/content.wlk.eu\/fi\/#website"},"datePublished":"2016-09-26T08:06:26+00:00","dateModified":"2017-09-22T08:57:17+00:00","breadcrumb":{"@id":"https:\/\/content.wlk.eu\/fi\/humanan_hoivakoti\/#breadcrumb"},"inLanguage":"fi","potentialAction":[{"@type":"ReadAction","target":["https:\/\/content.wlk.eu\/fi\/humanan_hoivakoti\/"]}]},{"@type":"BreadcrumbList","@id":"https:\/\/content.wlk.eu\/fi\/humanan_hoivakoti\/#breadcrumb","itemListElement":[{"@type":"ListItem","position":1,"name":"Hem","item":"https:\/\/content.wlk.eu\/fi\/"},{"@type":"ListItem","position":2,"name":"Humanan hoivakoti"}]},{"@type":"WebSite","@id":"https:\/\/content.wlk.eu\/fi\/#website","url":"https:\/\/content.wlk.eu\/fi\/","name":"Wennerstr\u00f6m Ljuskontroll","description":"","potentialAction":[{"@type":"SearchAction","target":{"@type":"EntryPoint","urlTemplate":"https:\/\/content.wlk.eu\/fi\/?s={search_term_string}"},"query-input":{"@type":"PropertyValueSpecification","valueRequired":true,"valueName":"search_term_string"}}],"inLanguage":"fi"}]}},"_links":{"self":[{"href":"https:\/\/content.wlk.eu\/fi\/wp-json\/wp\/v2\/pages\/542","targetHints":{"allow":["GET"]}}],"collection":[{"href":"https:\/\/content.wlk.eu\/fi\/wp-json\/wp\/v2\/pages"}],"about":[{"href":"https:\/\/content.wlk.eu\/fi\/wp-json\/wp\/v2\/types\/page"}],"author":[{"embeddable":true,"href":"https:\/\/content.wlk.eu\/fi\/wp-json\/wp\/v2\/users\/2"}],"replies":[{"embeddable":true,"href":"https:\/\/content.wlk.eu\/fi\/wp-json\/wp\/v2\/comments?post=542"}],"version-history":[{"count":5,"href":"https:\/\/content.wlk.eu\/fi\/wp-json\/wp\/v2\/pages\/542\/revisions"}],"predecessor-version":[{"id":768,"href":"https:\/\/content.wlk.eu\/fi\/wp-json\/wp\/v2\/pages\/542\/revisions\/768"}],"wp:attachment":[{"href":"https:\/\/content.wlk.eu\/fi\/wp-json\/wp\/v2\/media?parent=542"}],"curies":[{"name":"wp","href":"https:\/\/api.w.org\/{rel}","templated":true}]}}