{"id":553,"date":"2016-09-26T10:40:38","date_gmt":"2016-09-26T08:40:38","guid":{"rendered":"https:\/\/content.wlk.eu\/fi\/?page_id=553"},"modified":"2017-09-22T10:58:16","modified_gmt":"2017-09-22T08:58:16","slug":"vallentunan-kulttuuritalo-ja-kirjasto","status":"publish","type":"page","link":"https:\/\/content.wlk.eu\/fi\/vallentunan-kulttuuritalo-ja-kirjasto\/","title":{"rendered":"Vallentunan kulttuuritalo ja kirjasto"},"content":{"rendered":"<h2>Monipuolinen valaistuksenohjaus Vallentunan uuteen kulttuuritaloon ja kirjastoon<\/h2>\n<p>Vallentunaan p\u00e4\u00e4tettiin yli viisi vuotta sitten rakentaa uusi, suuri kulttuuritalo vanhan kirjaston peruskorjauksen sijasta. Uudessa rakennuksessa on iso kirjasto, tilat n\u00e4yttelyit\u00e4, teatteria ja musiikkiesityksi\u00e4 varten, ty\u00f6paja, lukunurkkaus lapsille ja kahvila. Uusi kulttuurikeskus on t\u00e4rke\u00e4 askel kehitett\u00e4ess\u00e4 kaupungin palveluita ja luotaessa keskeinen kohtauspaikka asukkaille.<\/p>\n<p>Rakennus on py\u00f6re\u00e4 kolmikerroksinen talo, jossa on suuret ikkunat ja avoimia pintoja. Se sijaitsee kaupungin keskuspuistossa, ymp\u00e4rill\u00e4\u00e4n samankorkuisia puita, jotka yhdist\u00e4v\u00e4t rakennuksen ymp\u00e4rist\u00f6\u00f6ns\u00e4.<\/p>\n<h3>Edistyksellinen valaistuksenohjaus<\/h3>\n<p>Rakennuksessa on panostettu valaistuksen visuaalisuuteen ja siihen, kuinka valaistus vaikuttaa yleiseen tunnelmaan. T\u00e4m\u00e4n vuoksi k\u00e4yt\u00f6ss\u00e4 on paljon erilaisia valaisintyyppej\u00e4 ja valonl\u00e4hteit\u00e4. Valaistuksen keskusohjauksen luomiseksi on tarvittu kattava ohjausstrategia ja edistyksellinen valaistuksenohjausj\u00e4rjestelm\u00e4.<br \/>\nValaistusta ohjataan DALI-verkon kautta DALI DSI -k\u00e4ytt\u00f6laitteiden avulla vy\u00f6hykkeitt\u00e4in, jotta j\u00e4rjestelm\u00e4ss\u00e4 olevien DALI-osoitteiden kokonaism\u00e4\u00e4r\u00e4 on saatu minimoitua. T\u00e4m\u00e4 helpottaa my\u00f6s huoltoa, kun jokin k\u00e4ytt\u00f6laite on vaihdettava.<br \/>\nLoisteputkivalaistusta ohjataan Tridonic <a href=\"https:\/\/wlk.eu\/fi\/Search?search=PCA+EXCEL+k%C3%A4ytt%C3%B6laitteet\">PCA EXCEL -k\u00e4ytt\u00f6laitteilla<\/a>,\u00a0halogeenilamppujen valoa s\u00e4\u00e4det\u00e4\u00e4n,\u00a0<a href=\"https:\/\/wlk.eu\/fi\/Aloitussivu\/Ohjaus\/DALI\/Himmentimet___Releet\/comfortDIM_DALI_PCD_S?id=22154332\">DALI-vaihehimmentimill\u00e4<\/a>\u00a0ja metallihalidilamppujen sytytys ja sammutus hoidetaan <a href=\"https:\/\/wlk.eu\/fi\/Aloitussivu\/Ohjaus\/DALI\/Himmentimet___Releet\/comfortDIM_DALI_RM?id=24034702\">DALI-releill\u00e4<\/a>. Keskusohjaus ja -valvonta tapahtuu proDIM winDIM@net -j\u00e4rjestelm\u00e4ll\u00e4, jossa kaikki DALI-piirit on kytketty IP-pohjaiseen verkkoon.<\/p>\n<h3>P\u00e4iv\u00e4nvalon kompensointi ja monitasoinen ohjaus<\/h3>\n<p>proDIM winDIM@net -j\u00e4rjestelm\u00e4 varmistaa, ett\u00e4 kaikki valonl\u00e4hteet on automaattisesti asetettu iltavalaistusta tai tervetulovalaistusta varten. J\u00e4rjestelm\u00e4 m\u00e4\u00e4ritt\u00e4\u00e4 avoimilla pinnoilla k\u00e4ytett\u00e4vien erilaisten valaisimien p\u00e4iv\u00e4nvalon kompensoinnin hy\u00f6dynt\u00e4m\u00e4ll\u00e4 rakennuksen proDIM-p\u00e4iv\u00e4nvaloantureilta tulevaa signaalia. Toimistossa ja neuvottelutilassa valaistuksen p\u00e4iv\u00e4nvalon kompensointia ja valojen sammutusta ohjataan manuaalisesti kytkimell\u00e4 ja DALIn M-antureilla. Lis\u00e4ksi proDIM winDIM@net antaa valaistuksesta keskitetyn yleiskatsauksen, jonka avulla voidaan valvoa lamppujen kuntoa ja tarkastella tietoja energiankulutuksesta ja vikailmoituksista.<br \/>\nValaistuksen keskusohjauksen lis\u00e4ksi jokaisen kerroksen valaistusta voidaan ohjata erikseen. T\u00e4m\u00e4 on toteutettu sijoittamalla joka kerrokseen <a href=\"https:\/\/wlk.eu\/fi\/comfortDIM_DALI_x-touchPANEL?id=24138990\">x-touchPANEL<\/a>\u00a0-kosketusn\u00e4ytt\u00f6. N\u00e4yt\u00f6t on konfiguroitu siten, ett\u00e4 henkil\u00f6st\u00f6 voi valita esiasetetun valaistuksen, k\u00e4ynnist\u00e4\u00e4 paikallisen valaistussekvenssin tai s\u00e4\u00e4t\u00e4\u00e4 valaistusta manuaalisesti.<\/p>\n<p>Vallentunan kulttuuritalossa ja kirjastossa on yhteens\u00e4 800 Tridonic-tuotetta. Ne muodostavat dynaamisen ja monipuolisen valaistuksen, joka vastaa rakennuksen eri toimintojen tarpeisiin ja samalla tehostaa aktiviteetteja. T\u00e4m\u00e4 kokonaisvaltainen valaistuksenohjausstrategia my\u00f6s v\u00e4hent\u00e4\u00e4 energiankulutusta ja ymp\u00e4rist\u00f6vaikutuksia p\u00e4iv\u00e4nvalon mukaan tapahtuvan s\u00e4\u00e4d\u00f6n ja l\u00e4sn\u00e4olo-ohjauksen avulla. Lis\u00e4ksi keskusohjaus minimoi huollon tarpeen, joten henkil\u00f6st\u00f6n ei tarvitse kulkea ymp\u00e4ri rakennusta tarkastamassa j\u00e4rjestelm\u00e4\u00e4. proDIM winDIM@net -j\u00e4rjestelm\u00e4 huolehtii siit\u00e4, ett\u00e4 kaikki voidaan hoitaa helposti ja yhdest\u00e4 paikasta.<\/p>\n","protected":false},"excerpt":{"rendered":"<p>Monipuolinen valaistuksenohjaus Vallentunan uuteen kulttuuritaloon ja kirjastoon Vallentunaan p\u00e4\u00e4tettiin yli viisi vuotta sitten rakentaa uusi, suuri kulttuuritalo vanhan kirjaston peruskorjauksen sijasta. Uudessa rakennuksessa on iso kirjasto, tilat n\u00e4yttelyit\u00e4, teatteria ja musiikkiesityksi\u00e4 varten, ty\u00f6paja, lukunurkkaus lapsille ja kahvila. Uusi kulttuurikeskus on t\u00e4rke\u00e4 askel kehitett\u00e4ess\u00e4 kaupungin palveluita ja luotaessa keskeinen kohtauspaikka asukkaille. Rakennus on py\u00f6re\u00e4 kolmikerroksinen talo, [&hellip;]<\/p>\n","protected":false},"author":2,"featured_media":0,"parent":0,"menu_order":0,"comment_status":"closed","ping_status":"closed","template":"template-referensprojekt.php","meta":{"_acf_changed":false,"footnotes":""},"class_list":["post-553","page","type-page","status-publish","hentry"],"acf":[],"yoast_head":"<!-- This site is optimized with the Yoast SEO plugin v25.3.1 - https:\/\/yoast.com\/wordpress\/plugins\/seo\/ -->\n<title>Vallentunan kulttuuritalo ja kirjasto - Wennerstr\u00f6m Ljuskontroll<\/title>\n<meta name=\"robots\" content=\"index, follow, max-snippet:-1, max-image-preview:large, max-video-preview:-1\" \/>\n<link rel=\"canonical\" href=\"https:\/\/content.wlk.eu\/fi\/vallentunan-kulttuuritalo-ja-kirjasto\/\" \/>\n<meta property=\"og:locale\" content=\"fi_FI\" \/>\n<meta property=\"og:type\" content=\"article\" \/>\n<meta property=\"og:title\" content=\"Vallentunan kulttuuritalo ja kirjasto - Wennerstr\u00f6m Ljuskontroll\" \/>\n<meta property=\"og:description\" content=\"Monipuolinen valaistuksenohjaus Vallentunan uuteen kulttuuritaloon ja kirjastoon Vallentunaan p\u00e4\u00e4tettiin yli viisi vuotta sitten rakentaa uusi, suuri kulttuuritalo vanhan kirjaston peruskorjauksen sijasta. Uudessa rakennuksessa on iso kirjasto, tilat n\u00e4yttelyit\u00e4, teatteria ja musiikkiesityksi\u00e4 varten, ty\u00f6paja, lukunurkkaus lapsille ja kahvila. Uusi kulttuurikeskus on t\u00e4rke\u00e4 askel kehitett\u00e4ess\u00e4 kaupungin palveluita ja luotaessa keskeinen kohtauspaikka asukkaille. Rakennus on py\u00f6re\u00e4 kolmikerroksinen talo, [&hellip;]\" \/>\n<meta property=\"og:url\" content=\"https:\/\/content.wlk.eu\/fi\/vallentunan-kulttuuritalo-ja-kirjasto\/\" \/>\n<meta property=\"og:site_name\" content=\"Wennerstr\u00f6m Ljuskontroll\" \/>\n<meta property=\"article:modified_time\" content=\"2017-09-22T08:58:16+00:00\" \/>\n<meta name=\"twitter:card\" content=\"summary_large_image\" \/>\n<meta name=\"twitter:label1\" content=\"Arvioitu lukuaika\" \/>\n\t<meta name=\"twitter:data1\" content=\"2 minuuttia\" \/>\n<script type=\"application\/ld+json\" class=\"yoast-schema-graph\">{\"@context\":\"https:\/\/schema.org\",\"@graph\":[{\"@type\":\"WebPage\",\"@id\":\"https:\/\/content.wlk.eu\/fi\/vallentunan-kulttuuritalo-ja-kirjasto\/\",\"url\":\"https:\/\/content.wlk.eu\/fi\/vallentunan-kulttuuritalo-ja-kirjasto\/\",\"name\":\"Vallentunan kulttuuritalo ja kirjasto - Wennerstr\u00f6m Ljuskontroll\",\"isPartOf\":{\"@id\":\"https:\/\/content.wlk.eu\/fi\/#website\"},\"datePublished\":\"2016-09-26T08:40:38+00:00\",\"dateModified\":\"2017-09-22T08:58:16+00:00\",\"breadcrumb\":{\"@id\":\"https:\/\/content.wlk.eu\/fi\/vallentunan-kulttuuritalo-ja-kirjasto\/#breadcrumb\"},\"inLanguage\":\"fi\",\"potentialAction\":[{\"@type\":\"ReadAction\",\"target\":[\"https:\/\/content.wlk.eu\/fi\/vallentunan-kulttuuritalo-ja-kirjasto\/\"]}]},{\"@type\":\"BreadcrumbList\",\"@id\":\"https:\/\/content.wlk.eu\/fi\/vallentunan-kulttuuritalo-ja-kirjasto\/#breadcrumb\",\"itemListElement\":[{\"@type\":\"ListItem\",\"position\":1,\"name\":\"Hem\",\"item\":\"https:\/\/content.wlk.eu\/fi\/\"},{\"@type\":\"ListItem\",\"position\":2,\"name\":\"Vallentunan kulttuuritalo ja kirjasto\"}]},{\"@type\":\"WebSite\",\"@id\":\"https:\/\/content.wlk.eu\/fi\/#website\",\"url\":\"https:\/\/content.wlk.eu\/fi\/\",\"name\":\"Wennerstr\u00f6m Ljuskontroll\",\"description\":\"\",\"potentialAction\":[{\"@type\":\"SearchAction\",\"target\":{\"@type\":\"EntryPoint\",\"urlTemplate\":\"https:\/\/content.wlk.eu\/fi\/?s={search_term_string}\"},\"query-input\":{\"@type\":\"PropertyValueSpecification\",\"valueRequired\":true,\"valueName\":\"search_term_string\"}}],\"inLanguage\":\"fi\"}]}<\/script>\n<!-- \/ Yoast SEO plugin. -->","yoast_head_json":{"title":"Vallentunan kulttuuritalo ja kirjasto - Wennerstr\u00f6m Ljuskontroll","robots":{"index":"index","follow":"follow","max-snippet":"max-snippet:-1","max-image-preview":"max-image-preview:large","max-video-preview":"max-video-preview:-1"},"canonical":"https:\/\/content.wlk.eu\/fi\/vallentunan-kulttuuritalo-ja-kirjasto\/","og_locale":"fi_FI","og_type":"article","og_title":"Vallentunan kulttuuritalo ja kirjasto - Wennerstr\u00f6m Ljuskontroll","og_description":"Monipuolinen valaistuksenohjaus Vallentunan uuteen kulttuuritaloon ja kirjastoon Vallentunaan p\u00e4\u00e4tettiin yli viisi vuotta sitten rakentaa uusi, suuri kulttuuritalo vanhan kirjaston peruskorjauksen sijasta. Uudessa rakennuksessa on iso kirjasto, tilat n\u00e4yttelyit\u00e4, teatteria ja musiikkiesityksi\u00e4 varten, ty\u00f6paja, lukunurkkaus lapsille ja kahvila. Uusi kulttuurikeskus on t\u00e4rke\u00e4 askel kehitett\u00e4ess\u00e4 kaupungin palveluita ja luotaessa keskeinen kohtauspaikka asukkaille. Rakennus on py\u00f6re\u00e4 kolmikerroksinen talo, [&hellip;]","og_url":"https:\/\/content.wlk.eu\/fi\/vallentunan-kulttuuritalo-ja-kirjasto\/","og_site_name":"Wennerstr\u00f6m Ljuskontroll","article_modified_time":"2017-09-22T08:58:16+00:00","twitter_card":"summary_large_image","twitter_misc":{"Arvioitu lukuaika":"2 minuuttia"},"schema":{"@context":"https:\/\/schema.org","@graph":[{"@type":"WebPage","@id":"https:\/\/content.wlk.eu\/fi\/vallentunan-kulttuuritalo-ja-kirjasto\/","url":"https:\/\/content.wlk.eu\/fi\/vallentunan-kulttuuritalo-ja-kirjasto\/","name":"Vallentunan kulttuuritalo ja kirjasto - Wennerstr\u00f6m Ljuskontroll","isPartOf":{"@id":"https:\/\/content.wlk.eu\/fi\/#website"},"datePublished":"2016-09-26T08:40:38+00:00","dateModified":"2017-09-22T08:58:16+00:00","breadcrumb":{"@id":"https:\/\/content.wlk.eu\/fi\/vallentunan-kulttuuritalo-ja-kirjasto\/#breadcrumb"},"inLanguage":"fi","potentialAction":[{"@type":"ReadAction","target":["https:\/\/content.wlk.eu\/fi\/vallentunan-kulttuuritalo-ja-kirjasto\/"]}]},{"@type":"BreadcrumbList","@id":"https:\/\/content.wlk.eu\/fi\/vallentunan-kulttuuritalo-ja-kirjasto\/#breadcrumb","itemListElement":[{"@type":"ListItem","position":1,"name":"Hem","item":"https:\/\/content.wlk.eu\/fi\/"},{"@type":"ListItem","position":2,"name":"Vallentunan kulttuuritalo ja kirjasto"}]},{"@type":"WebSite","@id":"https:\/\/content.wlk.eu\/fi\/#website","url":"https:\/\/content.wlk.eu\/fi\/","name":"Wennerstr\u00f6m Ljuskontroll","description":"","potentialAction":[{"@type":"SearchAction","target":{"@type":"EntryPoint","urlTemplate":"https:\/\/content.wlk.eu\/fi\/?s={search_term_string}"},"query-input":{"@type":"PropertyValueSpecification","valueRequired":true,"valueName":"search_term_string"}}],"inLanguage":"fi"}]}},"_links":{"self":[{"href":"https:\/\/content.wlk.eu\/fi\/wp-json\/wp\/v2\/pages\/553","targetHints":{"allow":["GET"]}}],"collection":[{"href":"https:\/\/content.wlk.eu\/fi\/wp-json\/wp\/v2\/pages"}],"about":[{"href":"https:\/\/content.wlk.eu\/fi\/wp-json\/wp\/v2\/types\/page"}],"author":[{"embeddable":true,"href":"https:\/\/content.wlk.eu\/fi\/wp-json\/wp\/v2\/users\/2"}],"replies":[{"embeddable":true,"href":"https:\/\/content.wlk.eu\/fi\/wp-json\/wp\/v2\/comments?post=553"}],"version-history":[{"count":4,"href":"https:\/\/content.wlk.eu\/fi\/wp-json\/wp\/v2\/pages\/553\/revisions"}],"predecessor-version":[{"id":769,"href":"https:\/\/content.wlk.eu\/fi\/wp-json\/wp\/v2\/pages\/553\/revisions\/769"}],"wp:attachment":[{"href":"https:\/\/content.wlk.eu\/fi\/wp-json\/wp\/v2\/media?parent=553"}],"curies":[{"name":"wp","href":"https:\/\/api.w.org\/{rel}","templated":true}]}}